{"id":35,"date":"2023-03-12T22:05:41","date_gmt":"2023-03-12T22:05:41","guid":{"rendered":"https:\/\/maisondelaparole.alwaysdata.net\/?page_id=35"},"modified":"2026-04-22T09:48:01","modified_gmt":"2026-04-22T09:48:01","slug":"espace-collectif","status":"publish","type":"page","link":"https:\/\/maisondelaparole.alwaysdata.net\/index.php\/la-maison\/espace-collectif\/","title":{"rendered":"ESPACE COLLECTIF"},"content":{"rendered":"\n<div class=\"wp-block-media-text alignwide has-media-on-the-right is-stacked-on-mobile\"><div class=\"wp-block-media-text__content\">\n<p>Nous vous accueillons \u00e0 la Maison de la Parole dont une partie des b\u00e2timent du XVIIe si\u00e8cle en pension compl\u00e8te ou en demi-pension. Pendant votre s\u00e9jour seront \u00e0 votre disposition&nbsp;:<\/p>\n\n\n\n<ul class=\"wp-block-list\">\n<li>une&nbsp;<strong>grande salle \u00e0 manger&nbsp;<\/strong>(groupe sup\u00e9rieur \u00e0 25 pers.)<\/li>\n\n\n\n<li>une&nbsp;<strong>moyenne salle \u00e0 manger&nbsp;<\/strong>(groupe jusqu\u2019\u00e0 25 pers.)<\/li>\n\n\n\n<li>une&nbsp;<strong>petite salle \u00e0 manger&nbsp;<\/strong>(groupe jusqu\u2019\u00e0 10 pers.)<\/li>\n<\/ul>\n\n\n\n<p>Pour vos diverses activit\u00e9s, la maison dispose \u00e9galement de :<\/p>\n\n\n\n<ul class=\"wp-block-list\">\n<li><strong>5 salles de r\u00e9union<\/strong>&nbsp;qui vous seront r\u00e9serv\u00e9es suivant la capacit\u00e9 de votre groupe<\/li>\n<\/ul>\n<\/div><figure class=\"wp-block-media-text__media\"><img loading=\"lazy\" decoding=\"async\" width=\"768\" height=\"1024\" src=\"https:\/\/maisondelaparole.alwaysdata.net\/wp-content\/uploads\/2023\/03\/WhatsApp-Image-2023-03-16-a-14.57.21-768x1024.jpg\" alt=\"\" class=\"wp-image-133 size-full\" srcset=\"https:\/\/maisondelaparole.alwaysdata.net\/wp-content\/uploads\/2023\/03\/WhatsApp-Image-2023-03-16-a-14.57.21-768x1024.jpg 768w, https:\/\/maisondelaparole.alwaysdata.net\/wp-content\/uploads\/2023\/03\/WhatsApp-Image-2023-03-16-a-14.57.21-600x800.jpg 600w, https:\/\/maisondelaparole.alwaysdata.net\/wp-content\/uploads\/2023\/03\/WhatsApp-Image-2023-03-16-a-14.57.21-225x300.jpg 225w, https:\/\/maisondelaparole.alwaysdata.net\/wp-content\/uploads\/2023\/03\/WhatsApp-Image-2023-03-16-a-14.57.21-1152x1536.jpg 1152w, https:\/\/maisondelaparole.alwaysdata.net\/wp-content\/uploads\/2023\/03\/WhatsApp-Image-2023-03-16-a-14.57.21.jpg 1200w\" sizes=\"auto, (max-width: 768px) 100vw, 768px\" \/><\/figure><\/div>\n\n\n\n<div class=\"wp-block-media-text alignwide is-stacked-on-mobile\"><figure class=\"wp-block-media-text__media\"><img loading=\"lazy\" decoding=\"async\" width=\"1024\" height=\"768\" src=\"https:\/\/maisondelaparole.alwaysdata.net\/wp-content\/uploads\/2023\/03\/WhatsApp-Image-2023-03-16-a-14.57.22-1024x768.jpg\" alt=\"\" class=\"wp-image-137 size-full\" srcset=\"https:\/\/maisondelaparole.alwaysdata.net\/wp-content\/uploads\/2023\/03\/WhatsApp-Image-2023-03-16-a-14.57.22-1024x768.jpg 1024w, https:\/\/maisondelaparole.alwaysdata.net\/wp-content\/uploads\/2023\/03\/WhatsApp-Image-2023-03-16-a-14.57.22-600x450.jpg 600w, https:\/\/maisondelaparole.alwaysdata.net\/wp-content\/uploads\/2023\/03\/WhatsApp-Image-2023-03-16-a-14.57.22-300x225.jpg 300w, https:\/\/maisondelaparole.alwaysdata.net\/wp-content\/uploads\/2023\/03\/WhatsApp-Image-2023-03-16-a-14.57.22-768x576.jpg 768w, https:\/\/maisondelaparole.alwaysdata.net\/wp-content\/uploads\/2023\/03\/WhatsApp-Image-2023-03-16-a-14.57.22-1536x1152.jpg 1536w, https:\/\/maisondelaparole.alwaysdata.net\/wp-content\/uploads\/2023\/03\/WhatsApp-Image-2023-03-16-a-14.57.22-400x300.jpg 400w, https:\/\/maisondelaparole.alwaysdata.net\/wp-content\/uploads\/2023\/03\/WhatsApp-Image-2023-03-16-a-14.57.22.jpg 1600w\" sizes=\"auto, (max-width: 1024px) 100vw, 1024px\" \/><\/figure><div class=\"wp-block-media-text__content\">\n<p>Chaque chambre est \u00e9quip\u00e9e d\u2019un lit, d&rsquo;une table de chevet, d&rsquo;un placard avec penderie, d&rsquo;une table de bureau et d&rsquo;une chaise.<\/p>\n\n\n\n<p>Le <strong>b\u00e2timent \u00ab\u00a0Maison de la Parole\u00a0\u00bb contient 12 chambres<\/strong>.<\/p>\n\n\n\n<ul class=\"wp-block-list\">\n<li>5 chambres simples avec lavabo<\/li>\n\n\n\n<li>6 chambres doubles avec lavabo<\/li>\n\n\n\n<li>2 chambre avec 3 lits et lavabo<\/li>\n<\/ul>\n\n\n\n<p>Au rez de chauss\u00e9e du b\u00e2timent vous trouverez des sanitaires \u00e9quip\u00e9s de wc et douche pour personne en situation de handicap. A l&rsquo;\u00e9tage, il y a deux blocs sanitaires (douches et wc).<\/p>\n\n\n\n<p>Le<strong> b\u00e2timent \u00ab\u00a0Consolation\u00a0\u00bb contient 8 chambres<\/strong>.<\/p>\n\n\n\n<ul class=\"wp-block-list\">\n<li>2 chambres simples avec salle de bains privative<\/li>\n\n\n\n<li>6 chambres doubles avec lavabo<\/li>\n<\/ul>\n\n\n\n<p>Vous trouverez un bloc sanitaire (douches et wc)<\/p>\n<\/div><\/div>\n\n\n\n<div class=\"wp-block-media-text alignwide has-media-on-the-right is-stacked-on-mobile\"><div class=\"wp-block-media-text__content\">\n<p>De plus, la<strong> chapelle et l&rsquo;oratoire sont accessibles<\/strong> \u00e0 tous moments afin de venir y prier. Les offices ont lieu dans la chapelle.<\/p>\n\n\n\n<p>Pour parfaire votre s\u00e9jour, vous pourrez acc\u00e9der \u00e0<strong> un grand jardin arbor\u00e9<\/strong>, avec une magnifique vue sur la Loire. <\/p>\n\n\n\n<p>Pour finir, pour \u00e9viter tous les tracas, la Maison de la Parole \u00e0 <strong>un parking int\u00e9rieur<\/strong> o\u00f9 vous pourrez y garer votre v\u00e9hicule en toute s\u00e9curit\u00e9.<\/p>\n<\/div><figure class=\"wp-block-media-text__media\"><img loading=\"lazy\" decoding=\"async\" width=\"1024\" height=\"768\" src=\"https:\/\/maisondelaparole.alwaysdata.net\/wp-content\/uploads\/2023\/04\/20230315_104254-1024x768.jpg\" alt=\"\" class=\"wp-image-284 size-full\" srcset=\"https:\/\/maisondelaparole.alwaysdata.net\/wp-content\/uploads\/2023\/04\/20230315_104254-1024x768.jpg 1024w, https:\/\/maisondelaparole.alwaysdata.net\/wp-content\/uploads\/2023\/04\/20230315_104254-scaled-600x450.jpg 600w, https:\/\/maisondelaparole.alwaysdata.net\/wp-content\/uploads\/2023\/04\/20230315_104254-300x225.jpg 300w, https:\/\/maisondelaparole.alwaysdata.net\/wp-content\/uploads\/2023\/04\/20230315_104254-768x576.jpg 768w, https:\/\/maisondelaparole.alwaysdata.net\/wp-content\/uploads\/2023\/04\/20230315_104254-1536x1152.jpg 1536w, https:\/\/maisondelaparole.alwaysdata.net\/wp-content\/uploads\/2023\/04\/20230315_104254-2048x1536.jpg 2048w, https:\/\/maisondelaparole.alwaysdata.net\/wp-content\/uploads\/2023\/04\/20230315_104254-400x300.jpg 400w\" sizes=\"auto, (max-width: 1024px) 100vw, 1024px\" \/><\/figure><\/div>\n\n\n\n<h2 class=\"wp-block-heading has-large-font-size\">GALERIE DE PHOTOS <\/h2>\n\n\n\n<figure class=\"wp-block-gallery has-nested-images columns-default is-cropped wp-block-gallery-1 is-layout-flex wp-block-gallery-is-layout-flex\">\n<figure class=\"wp-block-image size-full\"><img loading=\"lazy\" decoding=\"async\" width=\"888\" height=\"621\" data-id=\"173\" src=\"https:\/\/maisondelaparole.alwaysdata.net\/wp-content\/uploads\/2023\/03\/photo2.jpg\" alt=\"\" class=\"wp-image-173\" srcset=\"https:\/\/maisondelaparole.alwaysdata.net\/wp-content\/uploads\/2023\/03\/photo2.jpg 888w, https:\/\/maisondelaparole.alwaysdata.net\/wp-content\/uploads\/2023\/03\/photo2-600x420.jpg 600w, https:\/\/maisondelaparole.alwaysdata.net\/wp-content\/uploads\/2023\/03\/photo2-300x210.jpg 300w, https:\/\/maisondelaparole.alwaysdata.net\/wp-content\/uploads\/2023\/03\/photo2-768x537.jpg 768w, https:\/\/maisondelaparole.alwaysdata.net\/wp-content\/uploads\/2023\/03\/photo2-429x300.jpg 429w\" sizes=\"auto, (max-width: 888px) 100vw, 888px\" \/><\/figure>\n\n\n\n<figure class=\"wp-block-image size-large\"><img loading=\"lazy\" decoding=\"async\" width=\"1024\" height=\"768\" data-id=\"151\" src=\"https:\/\/maisondelaparole.alwaysdata.net\/wp-content\/uploads\/2023\/03\/lever-de-soleil-Beaugency-1024x768.jpg\" alt=\"\" class=\"wp-image-151\" srcset=\"https:\/\/maisondelaparole.alwaysdata.net\/wp-content\/uploads\/2023\/03\/lever-de-soleil-Beaugency-1024x768.jpg 1024w, https:\/\/maisondelaparole.alwaysdata.net\/wp-content\/uploads\/2023\/03\/lever-de-soleil-Beaugency-600x450.jpg 600w, https:\/\/maisondelaparole.alwaysdata.net\/wp-content\/uploads\/2023\/03\/lever-de-soleil-Beaugency-300x225.jpg 300w, https:\/\/maisondelaparole.alwaysdata.net\/wp-content\/uploads\/2023\/03\/lever-de-soleil-Beaugency-768x576.jpg 768w, https:\/\/maisondelaparole.alwaysdata.net\/wp-content\/uploads\/2023\/03\/lever-de-soleil-Beaugency-1536x1152.jpg 1536w, https:\/\/maisondelaparole.alwaysdata.net\/wp-content\/uploads\/2023\/03\/lever-de-soleil-Beaugency-400x300.jpg 400w, https:\/\/maisondelaparole.alwaysdata.net\/wp-content\/uploads\/2023\/03\/lever-de-soleil-Beaugency.jpg 2048w\" sizes=\"auto, (max-width: 1024px) 100vw, 1024px\" \/><\/figure>\n\n\n\n<figure class=\"wp-block-image size-large\"><img loading=\"lazy\" decoding=\"async\" width=\"1024\" height=\"576\" data-id=\"149\" src=\"https:\/\/maisondelaparole.alwaysdata.net\/wp-content\/uploads\/2023\/03\/lever-de-soleil-feu-2-1024x576.jpg\" alt=\"\" class=\"wp-image-149\" srcset=\"https:\/\/maisondelaparole.alwaysdata.net\/wp-content\/uploads\/2023\/03\/lever-de-soleil-feu-2-1024x576.jpg 1024w, https:\/\/maisondelaparole.alwaysdata.net\/wp-content\/uploads\/2023\/03\/lever-de-soleil-feu-2-600x338.jpg 600w, https:\/\/maisondelaparole.alwaysdata.net\/wp-content\/uploads\/2023\/03\/lever-de-soleil-feu-2-300x169.jpg 300w, https:\/\/maisondelaparole.alwaysdata.net\/wp-content\/uploads\/2023\/03\/lever-de-soleil-feu-2-768x432.jpg 768w, https:\/\/maisondelaparole.alwaysdata.net\/wp-content\/uploads\/2023\/03\/lever-de-soleil-feu-2-1536x864.jpg 1536w, https:\/\/maisondelaparole.alwaysdata.net\/wp-content\/uploads\/2023\/03\/lever-de-soleil-feu-2-496x279.jpg 496w, https:\/\/maisondelaparole.alwaysdata.net\/wp-content\/uploads\/2023\/03\/lever-de-soleil-feu-2.jpg 1600w\" sizes=\"auto, (max-width: 1024px) 100vw, 1024px\" \/><\/figure>\n\n\n\n<figure class=\"wp-block-image size-large\"><img loading=\"lazy\" decoding=\"async\" width=\"1024\" height=\"768\" data-id=\"150\" src=\"https:\/\/maisondelaparole.alwaysdata.net\/wp-content\/uploads\/2023\/03\/Loire-Pont-reflets-cygne.jpg\" alt=\"\" class=\"wp-image-150\" srcset=\"https:\/\/maisondelaparole.alwaysdata.net\/wp-content\/uploads\/2023\/03\/Loire-Pont-reflets-cygne.jpg 1024w, https:\/\/maisondelaparole.alwaysdata.net\/wp-content\/uploads\/2023\/03\/Loire-Pont-reflets-cygne-600x450.jpg 600w, https:\/\/maisondelaparole.alwaysdata.net\/wp-content\/uploads\/2023\/03\/Loire-Pont-reflets-cygne-300x225.jpg 300w, https:\/\/maisondelaparole.alwaysdata.net\/wp-content\/uploads\/2023\/03\/Loire-Pont-reflets-cygne-768x576.jpg 768w, https:\/\/maisondelaparole.alwaysdata.net\/wp-content\/uploads\/2023\/03\/Loire-Pont-reflets-cygne-400x300.jpg 400w\" sizes=\"auto, (max-width: 1024px) 100vw, 1024px\" \/><\/figure>\n\n\n\n<figure class=\"wp-block-image size-large\"><img loading=\"lazy\" decoding=\"async\" width=\"1024\" height=\"768\" data-id=\"152\" src=\"https:\/\/maisondelaparole.alwaysdata.net\/wp-content\/uploads\/2023\/03\/puits-1024x768.jpg\" alt=\"\" class=\"wp-image-152\" srcset=\"https:\/\/maisondelaparole.alwaysdata.net\/wp-content\/uploads\/2023\/03\/puits-1024x768.jpg 1024w, https:\/\/maisondelaparole.alwaysdata.net\/wp-content\/uploads\/2023\/03\/puits-600x450.jpg 600w, https:\/\/maisondelaparole.alwaysdata.net\/wp-content\/uploads\/2023\/03\/puits-300x225.jpg 300w, https:\/\/maisondelaparole.alwaysdata.net\/wp-content\/uploads\/2023\/03\/puits-768x576.jpg 768w, https:\/\/maisondelaparole.alwaysdata.net\/wp-content\/uploads\/2023\/03\/puits-400x300.jpg 400w, https:\/\/maisondelaparole.alwaysdata.net\/wp-content\/uploads\/2023\/03\/puits.jpg 1280w\" sizes=\"auto, (max-width: 1024px) 100vw, 1024px\" \/><\/figure>\n<\/figure>\n\n\n\n<p><\/p>\n","protected":false},"excerpt":{"rendered":"<p>De plus, la chapelle et l&rsquo;oratoire sont accessibles \u00e0 tous moments afin de venir y prier. Les offices ont lieu dans la chapelle. Pour parfaire &hellip;<\/p>\n","protected":false},"author":1,"featured_media":0,"parent":29,"menu_order":2,"comment_status":"closed","ping_status":"closed","template":"","meta":{"footnotes":""},"class_list":["post-35","page","type-page","status-publish","hentry"],"_links":{"self":[{"href":"https:\/\/maisondelaparole.alwaysdata.net\/index.php\/wp-json\/wp\/v2\/pages\/35","targetHints":{"allow":["GET"]}}],"collection":[{"href":"https:\/\/maisondelaparole.alwaysdata.net\/index.php\/wp-json\/wp\/v2\/pages"}],"about":[{"href":"https:\/\/maisondelaparole.alwaysdata.net\/index.php\/wp-json\/wp\/v2\/types\/page"}],"author":[{"embeddable":true,"href":"https:\/\/maisondelaparole.alwaysdata.net\/index.php\/wp-json\/wp\/v2\/users\/1"}],"replies":[{"embeddable":true,"href":"https:\/\/maisondelaparole.alwaysdata.net\/index.php\/wp-json\/wp\/v2\/comments?post=35"}],"version-history":[{"count":13,"href":"https:\/\/maisondelaparole.alwaysdata.net\/index.php\/wp-json\/wp\/v2\/pages\/35\/revisions"}],"predecessor-version":[{"id":807,"href":"https:\/\/maisondelaparole.alwaysdata.net\/index.php\/wp-json\/wp\/v2\/pages\/35\/revisions\/807"}],"up":[{"embeddable":true,"href":"https:\/\/maisondelaparole.alwaysdata.net\/index.php\/wp-json\/wp\/v2\/pages\/29"}],"wp:attachment":[{"href":"https:\/\/maisondelaparole.alwaysdata.net\/index.php\/wp-json\/wp\/v2\/media?parent=35"}],"curies":[{"name":"wp","href":"https:\/\/api.w.org\/{rel}","templated":true}]}}